{"version":"1.0","provider_name":"\u041f\u043e\u043a\u0440\u0430\u0458\u0438\u043d\u0441\u043a\u0438 \u0441\u0435\u043a\u0440\u0435\u0442\u0430\u0440\u0438\u0458\u0430\u0442 \u0437\u0430 \u043f\u0440\u0438\u0432\u0440\u0435\u0434\u0443 \u0438 \u0442\u0443\u0440\u0438\u0437\u0430\u043c","provider_url":"https:\/\/spriv.vojvodina.gov.rs\/rs","author_name":"Sonja Babi\u0107","author_url":"https:\/\/spriv.vojvodina.gov.rs\/rs\/author\/sonja-babic\/","title":"Odr\u017ean sastanak predstavnika Ministarstva poljoprivrede Senegala, Zavoda za povezivanje Afrika \u2013 Evropa iz Slovenije i predstavnika Pokrajinske vlade - \u041f\u043e\u043a\u0440\u0430\u0458\u0438\u043d\u0441\u043a\u0438 \u0441\u0435\u043a\u0440\u0435\u0442\u0430\u0440\u0438\u0458\u0430\u0442 \u0437\u0430 \u043f\u0440\u0438\u0432\u0440\u0435\u0434\u0443 \u0438 \u0442\u0443\u0440\u0438\u0437\u0430\u043c","type":"rich","width":600,"height":338,"html":"<blockquote class=\"wp-embedded-content\" data-secret=\"Iwo8vVqCfy\"><a href=\"https:\/\/spriv.vojvodina.gov.rs\/rs\/afrika-novo\/\">Odr\u017ean sastanak predstavnika Ministarstva poljoprivrede Senegala, Zavoda za povezivanje Afrika \u2013 Evropa iz Slovenije i predstavnika Pokrajinske vlade<\/a><\/blockquote><iframe sandbox=\"allow-scripts\" security=\"restricted\" src=\"https:\/\/spriv.vojvodina.gov.rs\/rs\/afrika-novo\/embed\/#?secret=Iwo8vVqCfy\" width=\"600\" height=\"338\" title=\"&#132;Odr\u017ean sastanak predstavnika Ministarstva poljoprivrede Senegala, Zavoda za povezivanje Afrika \u2013 Evropa iz Slovenije i predstavnika Pokrajinske vlade&#147; &#8212; \u041f\u043e\u043a\u0440\u0430\u0458\u0438\u043d\u0441\u043a\u0438 \u0441\u0435\u043a\u0440\u0435\u0442\u0430\u0440\u0438\u0458\u0430\u0442 \u0437\u0430 \u043f\u0440\u0438\u0432\u0440\u0435\u0434\u0443 \u0438 \u0442\u0443\u0440\u0438\u0437\u0430\u043c\" data-secret=\"Iwo8vVqCfy\" frameborder=\"0\" marginwidth=\"0\" marginheight=\"0\" scrolling=\"no\" class=\"wp-embedded-content\"><\/iframe><script type=\"text\/javascript\">\n\/* <![CDATA[ *\/\n\/*! This file is auto-generated *\/\n!function(d,l){\"use strict\";l.querySelector&&d.addEventListener&&\"undefined\"!=typeof URL&&(d.wp=d.wp||{},d.wp.receiveEmbedMessage||(d.wp.receiveEmbedMessage=function(e){var t=e.data;if((t||t.secret||t.message||t.value)&&!\/[^a-zA-Z0-9]\/.test(t.secret)){for(var s,r,n,a=l.querySelectorAll('iframe[data-secret=\"'+t.secret+'\"]'),o=l.querySelectorAll('blockquote[data-secret=\"'+t.secret+'\"]'),c=new RegExp(\"^https?:$\",\"i\"),i=0;i<o.length;i++)o[i].style.display=\"none\";for(i=0;i<a.length;i++)s=a[i],e.source===s.contentWindow&&(s.removeAttribute(\"style\"),\"height\"===t.message?(1e3<(r=parseInt(t.value,10))?r=1e3:~~r<200&&(r=200),s.height=r):\"link\"===t.message&&(r=new URL(s.getAttribute(\"src\")),n=new URL(t.value),c.test(n.protocol))&&n.host===r.host&&l.activeElement===s&&(d.top.location.href=t.value))}},d.addEventListener(\"message\",d.wp.receiveEmbedMessage,!1),l.addEventListener(\"DOMContentLoaded\",function(){for(var e,t,s=l.querySelectorAll(\"iframe.wp-embedded-content\"),r=0;r<s.length;r++)(t=(e=s[r]).getAttribute(\"data-secret\"))||(t=Math.random().toString(36).substring(2,12),e.src+=\"#?secret=\"+t,e.setAttribute(\"data-secret\",t)),e.contentWindow.postMessage({message:\"ready\",secret:t},\"*\")},!1)))}(window,document);\n\/\/# sourceURL=https:\/\/spriv.vojvodina.gov.rs\/wp-includes\/js\/wp-embed.min.js\n\/* ]]> *\/\n<\/script>\n","thumbnail_url":"https:\/\/spriv.vojvodina.gov.rs\/wp-content\/uploads\/2015\/10\/logo_Vlade.jpg","thumbnail_width":90,"thumbnail_height":110,"description":"Novi Sad, 1. decembar 2015. -\u00a0 Danas je odr\u017ean sastanak predstavnika Ministarstva poljoprivrede Senegala, predstavnika Zavoda za povezivanje Afrika \u2013 Evropa iz Slovenije, predstavnika Pokrajinske vlade, predstavnika privrednih dru\u0161tava iz Novog Sada, predstavnika Omladinskog udru\u017eenja Omladinski pokret Srbije i studenata Fakulteta tehni\u010dkih nauka u Novom Sadu. Kroz ovakav vid saradnje stvara se siguran put za dugoro\u010dnu saradnju u svim oblastima kao i bli\u017ee povezivanje privrede i kulture."}